{"id":165,"date":"2010-01-12T20:01:36","date_gmt":"2010-01-12T20:01:36","guid":{"rendered":"https:\/\/localhost\/wpKool\/?page_id=165"},"modified":"2026-04-24T15:37:02","modified_gmt":"2026-04-24T12:37:02","slug":"tere","status":"publish","type":"page","link":"https:\/\/www.vask.edu.ee\/wp\/","title":{"rendered":"Esileht"},"content":{"rendered":"<p style=\"text-align: right\" data-wp-editing=\"1\">J\u00e4lgi meie tegemisi <a href=\"https:\/\/www.facebook.com\/vasalemmakool\">Facebookis<\/a> v\u00f5i <a href=\"https:\/\/www.instagram.com\/vasalemmakool\/\">Instagramis<\/a>.<\/p>\n<p style=\"text-align: right\" data-wp-editing=\"1\"><strong>M\u00f5isa k\u00fclastamise soovi korral v\u00f5tke \u00fchendust romek.sirila@vask.edu.ee<\/strong><\/p>\n<p style=\"text-align: right\"><a href=\"https:\/\/vasalemmarohekool.blogspot.com\/\"><strong><span style=\"color: #008000\">Vasalemma P\u00f5hikooli roheblogi\u00a0<\/span><\/strong><\/a><\/p>\n<p>[vc_row][vc_column width=&#8221;2\/4&#8243; css=&#8221;.vc_custom_1490543949542{pa<\/p>\n<p>dding-top: 35px !important;padding-right: 20px !important;}&#8221;][vc_column_text]<\/p>\n<h1>MEIE KOOLIST<\/h1>\n<p><span data-olk-copy-source=\"MessageBody\">131 \u00f5pilasega Vasalemma P\u00f5hikool tegutseb 1893. a valminud uusgooti stiilis Vasalemma m\u00f5isahoones ja 2014. a valminud \u00f5ppe-spordihoones. Kooli kasutuses on raamatukogu, staadion ja 8 ha suurune m\u00f5isapark. Kool pakub haridus- ja kultuurimaastiku avastamist \u00fcmberkaudsete asulate lastele.\u00a0<\/span><\/p>\n<p>&nbsp;<\/p>\n<h2><strong>Vasalemma P\u00f5hikooli ja Vasalemma Lasteaia Sajajalgne \u00fcmberkorraldamine<\/strong><\/h2>\n<div dir=\"auto\" style=\"text-align: left\">L\u00e4\u00e4ne-Harju valla haridusstrateegia \u00fcks eesm\u00e4rk on haridusasutuste v\u00f5rgu korrastamine l\u00e4htudes<br \/>\nrahvastikutrendidest. Vasalemma P\u00f5hikooli ja Vasalemma Lasteaia Sajajalgne \u00fcmberkorraldamisega<br \/>\non soov kujundada Vasalemma piirkonda \u00fchtne hariduskeskus, mis looks lastele toetava \u00f5pikeskkonna<br \/>\nning muudaks \u00fclemineku lasteaiast kooli sujuvaks. Praegune lasteaiahoone ei vasta enam<br \/>\nt\u00e4nap\u00e4evastele vajadustele, seega \u00fcks v\u00f5imalus on 2-3 aasta perspektiivis rajada koolihoone juurde<br \/>\nkaasaegsed ja mugavad moodulruumid, kus lastel on rohkem v\u00f5imalusi \u00f5ppimiseks, m\u00e4ngimiseks ja<br \/>\ntegutsemiseks. Lasteaed saab kasutada ka kooli spordisaali, staadioni ja aulat, mis pakub lastele rohkem<br \/>\nalternatiive igak\u00fclgseks tegevuseks.<\/div>\n<div dir=\"auto\"><\/div>\n<div dir=\"auto\">Seoses eelnevaga palusime kogukonna liikmetel vastata k\u00fcsimustikule.<br \/>\nK\u00fcsitluse periood: 24.03-07.04.2026<\/div>\n<p>Tulemustega saate tutvuda siin: <a href=\"https:\/\/www.vask.edu.ee\/wp\/wp-content\/uploads\/2026\/04\/Graafikud.pdf\" target=\"_blank\" rel=\"noopener\">Tulemused<\/a><\/p>\n<p>&nbsp;<\/p>\n<div class=\"xdj266r x14z9mp xat24cr x1lziwak x1vvkbs x126k92a\">\n<h2><strong>Kui sa oled otsinud v\u00f5imalust t\u00f6\u00f6tada<\/strong><\/h2>\n<h4><span class=\"html-span xexx8yu xyri2b x18d9i69 x1c1uobl x1hl2dhg x16tdsg8 x1vvkbs x3nfvp2 x1j61x8r x1fcty0u xdj266r xat24cr xm2jcoa x1mpyi22 xxymvpz xlup9mm x1kky2od\"><img loading=\"lazy\" class=\"xz74otr x15mokao x1ga7v0g x16uus16 xbiv7yw\" src=\"https:\/\/static.xx.fbcdn.net\/images\/emoji.php\/v9\/t4c\/1\/16\/25aa.png\" alt=\"\u25aa\ufe0f\" width=\"16\" height=\"16\" \/><\/span> eripedagoogina<\/h4>\n<h4><span class=\"html-span xexx8yu xyri2b x18d9i69 x1c1uobl x1hl2dhg x16tdsg8 x1vvkbs x3nfvp2 x1j61x8r x1fcty0u xdj266r xat24cr xm2jcoa x1mpyi22 xxymvpz xlup9mm x1kky2od\"><img loading=\"lazy\" class=\"xz74otr x15mokao x1ga7v0g x16uus16 xbiv7yw\" src=\"https:\/\/static.xx.fbcdn.net\/images\/emoji.php\/v9\/t4c\/1\/16\/25aa.png\" alt=\"\u25aa\ufe0f\" width=\"16\" height=\"16\" \/><\/span> inglise keele \u00f5petajana<\/h4>\n<h4><span class=\"html-span xexx8yu xyri2b x18d9i69 x1c1uobl x1hl2dhg x16tdsg8 x1vvkbs x3nfvp2 x1j61x8r x1fcty0u xdj266r xat24cr xm2jcoa x1mpyi22 xxymvpz xlup9mm x1kky2od\"><img loading=\"lazy\" class=\"xz74otr x15mokao x1ga7v0g x16uus16 xbiv7yw\" src=\"https:\/\/static.xx.fbcdn.net\/images\/emoji.php\/v9\/t4c\/1\/16\/25aa.png\" alt=\"\u25aa\ufe0f\" width=\"16\" height=\"16\" \/><\/span> klassi\u00f5petajana s\u00fcgisel alustavale 1.klassile<\/h4>\n<\/div>\n<div class=\"x14z9mp xat24cr x1lziwak x1vvkbs xtlvy1s x126k92a\">\n<div dir=\"auto\">siis v\u00f5ta \u00fchendust kadi.kask@vask.edu.ee ja liitu meie toreda meeskonnaga! <span class=\"html-span xexx8yu xyri2b x18d9i69 x1c1uobl x1hl2dhg x16tdsg8 x1vvkbs x3nfvp2 x1j61x8r x1fcty0u xdj266r xat24cr xm2jcoa x1mpyi22 xxymvpz xlup9mm x1kky2od\"><img loading=\"lazy\" class=\"xz74otr x15mokao x1ga7v0g x16uus16 xbiv7yw\" src=\"https:\/\/static.xx.fbcdn.net\/images\/emoji.php\/v9\/t7f\/1\/16\/1f60a.png\" alt=\"\ud83d\ude0a\" width=\"16\" height=\"16\" \/><\/span><\/div>\n<\/div>\n<p><a href=\"https:\/\/www.vask.edu.ee\/wp\/wp-content\/uploads\/2026\/02\/tookuulutus.png\"><img loading=\"lazy\" class=\"aligncenter size-large wp-image-24190\" src=\"https:\/\/www.vask.edu.ee\/wp\/wp-content\/uploads\/2026\/02\/tookuulutus-566x800.png\" alt=\"\" width=\"566\" height=\"800\" srcset=\"https:\/\/www.vask.edu.ee\/wp\/wp-content\/uploads\/2026\/02\/tookuulutus-566x800.png 566w, https:\/\/www.vask.edu.ee\/wp\/wp-content\/uploads\/2026\/02\/tookuulutus-212x300.png 212w, https:\/\/www.vask.edu.ee\/wp\/wp-content\/uploads\/2026\/02\/tookuulutus-768x1086.png 768w, https:\/\/www.vask.edu.ee\/wp\/wp-content\/uploads\/2026\/02\/tookuulutus-1086x1536.png 1086w, https:\/\/www.vask.edu.ee\/wp\/wp-content\/uploads\/2026\/02\/tookuulutus-1448x2048.png 1448w, https:\/\/www.vask.edu.ee\/wp\/wp-content\/uploads\/2026\/02\/tookuulutus-500x707.png 500w, https:\/\/www.vask.edu.ee\/wp\/wp-content\/uploads\/2026\/02\/tookuulutus-1170x1655.png 1170w, https:\/\/www.vask.edu.ee\/wp\/wp-content\/uploads\/2026\/02\/tookuulutus-745x1054.png 745w, https:\/\/www.vask.edu.ee\/wp\/wp-content\/uploads\/2026\/02\/tookuulutus-1008x1426.png 1008w, https:\/\/www.vask.edu.ee\/wp\/wp-content\/uploads\/2026\/02\/tookuulutus.png 1591w\" sizes=\"(max-width: 566px) 100vw, 566px\" \/><\/a><\/p>\n<div dir=\"auto\"><strong>30. jaanuaril t\u00e4histasime Lehikese, meie rohekooli maskoti, 2. s\u00fcnnip\u00e4eva!<\/strong> <span class=\"html-span xexx8yu xyri2b x18d9i69 x1c1uobl x1hl2dhg x16tdsg8 x1vvkbs x3nfvp2 x1j61x8r x1fcty0u xdj266r xat24cr xm2jcoa x1mpyi22 xxymvpz xlup9mm x1kky2od\"><img loading=\"lazy\" class=\"xz74otr x15mokao x1ga7v0g x16uus16 xbiv7yw\" src=\"https:\/\/static.xx.fbcdn.net\/images\/emoji.php\/v9\/t14\/1\/16\/2618.png\" alt=\"\u2618\ufe0f\" width=\"16\" height=\"16\" \/><\/span> <span class=\"html-span xexx8yu xyri2b x18d9i69 x1c1uobl x1hl2dhg x16tdsg8 x1vvkbs x3nfvp2 x1j61x8r x1fcty0u xdj266r xat24cr xm2jcoa x1mpyi22 xxymvpz xlup9mm x1kky2od\"><img loading=\"lazy\" class=\"xz74otr x15mokao x1ga7v0g x16uus16 xbiv7yw\" src=\"https:\/\/static.xx.fbcdn.net\/images\/emoji.php\/v9\/t8c\/1\/16\/1f389.png\" alt=\"\ud83c\udf89\" width=\"16\" height=\"16\" \/><\/span><span class=\"html-span xexx8yu xyri2b x18d9i69 x1c1uobl x1hl2dhg x16tdsg8 x1vvkbs x3nfvp2 x1j61x8r x1fcty0u xdj266r xat24cr xm2jcoa x1mpyi22 xxymvpz xlup9mm x1kky2od\"><img loading=\"lazy\" class=\"xz74otr x15mokao x1ga7v0g x16uus16 xbiv7yw\" src=\"https:\/\/static.xx.fbcdn.net\/images\/emoji.php\/v9\/tb\/1\/16\/1f388.png\" alt=\"\ud83c\udf88\" width=\"16\" height=\"16\" \/><\/span><\/div>\n<div dir=\"auto\"><\/div>\n<div dir=\"auto\"><\/div>\n<div class=\"xdj266r x14z9mp xat24cr x1lziwak x1vvkbs x126k92a\">\n<div dir=\"auto\"><strong>Kui on lund, siis ikka suusatama ja kelgutama!<\/strong><\/div>\n<\/div>\n<div class=\"x14z9mp xat24cr x1lziwak x1vvkbs xtlvy1s x126k92a\">\n<div dir=\"auto\">T\u00e4name\u00a0 L\u00e4\u00e4ne-Harju spordikeskust, kes on hoolitsenud selle eest, et meie ilusas lumises m\u00f5isapargis on suusarada ja saab l\u00e4bi viia suusatunde. <span class=\"html-span xexx8yu xyri2b x18d9i69 x1c1uobl x1hl2dhg x16tdsg8 x1vvkbs x3nfvp2 x1j61x8r x1fcty0u xdj266r xat24cr xm2jcoa x1mpyi22 xxymvpz xlup9mm x1kky2od\"><img loading=\"lazy\" class=\"xz74otr x15mokao x1ga7v0g x16uus16 xbiv7yw\" src=\"https:\/\/static.xx.fbcdn.net\/images\/emoji.php\/v9\/t7e\/1\/16\/26f7.png\" alt=\"\u26f7\ufe0f\" width=\"16\" height=\"16\" \/><\/span><\/div>\n<\/div>\n<div class=\"x14z9mp xat24cr x1lziwak x1vvkbs xtlvy1s x126k92a\">\n<div dir=\"auto\">Ait\u00e4h!<\/div>\n<div dir=\"auto\"><\/div>\n<div dir=\"auto\"><a href=\"https:\/\/www.vask.edu.ee\/wp\/wp-content\/uploads\/2026\/02\/suusatamine.jpg\"><img loading=\"lazy\" class=\"aligncenter size-full wp-image-24135\" src=\"https:\/\/www.vask.edu.ee\/wp\/wp-content\/uploads\/2026\/02\/suusatamine.jpg\" alt=\"\" width=\"552\" height=\"519\" srcset=\"https:\/\/www.vask.edu.ee\/wp\/wp-content\/uploads\/2026\/02\/suusatamine.jpg 552w, https:\/\/www.vask.edu.ee\/wp\/wp-content\/uploads\/2026\/02\/suusatamine-500x470.jpg 500w\" sizes=\"(max-width: 552px) 100vw, 552px\" \/><\/a><\/div>\n<\/div>\n<p><strong>Uus aasta on toonud endaga palju p\u00f5nevaid uusi projekte.<\/strong><\/p>\n<p>N\u00e4iteks\u00a0 l\u00e4bisid \u00f5petajad Kadi, Triin ja Elise\u00a0 eTwinningu koolituse ja on juba ka oma klassidega \u00fchisprojekte alustanud.<\/p>\n<div class=\"xdj266r x14z9mp xat24cr x1lziwak x1vvkbs x126k92a\">\n<div dir=\"auto\">6. klass v\u00f5tab osa\u00a0 rahvusvahelisest eTwinningu projektist \u201eAI Future Talkers\u201c!<\/div>\n<div dir=\"auto\">Koos partnerkoolidega Taanist, Belgiast ja Itaaliast\u00a0 tehakse rahvusvahelist koost\u00f6\u00f6d, mis kestab kuni maikuu l\u00f5puni <span class=\"html-span xexx8yu xyri2b x18d9i69 x1c1uobl x1hl2dhg x16tdsg8 x1vvkbs x3nfvp2 x1j61x8r x1fcty0u xdj266r xat24cr xm2jcoa x1mpyi22 xxymvpz xlup9mm x1kky2od\"><img loading=\"lazy\" class=\"xz74otr x15mokao x1ga7v0g x16uus16 xbiv7yw\" src=\"https:\/\/static.xx.fbcdn.net\/images\/emoji.php\/v9\/t3f\/1\/16\/1f30d.png\" alt=\"\ud83c\udf0d\" width=\"16\" height=\"16\" \/><\/span><\/div>\n<div dir=\"auto\">2.klassil on k\u00e4sil \u00fchisprojekt koos Kivi\u00f5li Riigikooliga.\u00a0 \u00dchiselt valmivad \u201cOnu Remuse lood\u201d j\u00e4rgi koomiksiraamatud . <span class=\"html-span xexx8yu xyri2b x18d9i69 x1c1uobl x1hl2dhg x16tdsg8 x1vvkbs x3nfvp2 x1j61x8r x1fcty0u xdj266r xat24cr xm2jcoa x1mpyi22 xxymvpz xlup9mm x1kky2od\"><img loading=\"lazy\" class=\"xz74otr x15mokao x1ga7v0g x16uus16 xbiv7yw\" src=\"https:\/\/static.xx.fbcdn.net\/images\/emoji.php\/v9\/t29\/1\/16\/1f430.png\" alt=\"\ud83d\udc30\" width=\"16\" height=\"16\" \/><\/span><span class=\"html-span xexx8yu xyri2b x18d9i69 x1c1uobl x1hl2dhg x16tdsg8 x1vvkbs x3nfvp2 x1j61x8r x1fcty0u xdj266r xat24cr xm2jcoa x1mpyi22 xxymvpz xlup9mm x1kky2od\"><img loading=\"lazy\" class=\"xz74otr x15mokao x1ga7v0g x16uus16 xbiv7yw\" src=\"https:\/\/static.xx.fbcdn.net\/images\/emoji.php\/v9\/t3a\/1\/16\/1f98a.png\" alt=\"\ud83e\udd8a\" width=\"16\" height=\"16\" \/><\/span><\/div>\n<div dir=\"auto\"><\/div>\n<\/div>\n<div class=\"x14z9mp xat24cr x1lziwak x1vvkbs xtlvy1s x126k92a\">\n<div dir=\"auto\">eTwinning on Euroopa koolide koost\u00f6\u00f6v\u00f5rgustik, mis \u00fchendab koole erinevatest riikidest, v\u00f5imaldades \u00f5pilastel \u00f5ppida, suhelda ja teha \u00fchisprojekte turvalises veebikeskkonnas.<\/div>\n<\/div>\n<p>&nbsp;<\/p>\n<div class=\"xdj266r x14z9mp xat24cr x1lziwak x1vvkbs x126k92a\">\n<div dir=\"auto\"><strong>Selle aasta j\u00f5ululaat ja perep\u00e4ev on peetud.<\/strong><span class=\"html-span xexx8yu xyri2b x18d9i69 x1c1uobl x1hl2dhg x16tdsg8 x1vvkbs x3nfvp2 x1j61x8r x1fcty0u xdj266r xat24cr xm2jcoa x1mpyi22 xxymvpz xlup9mm x1kky2od\"><img loading=\"lazy\" class=\"xz74otr x15mokao x1ga7v0g x16uus16 xbiv7yw\" src=\"https:\/\/static.xx.fbcdn.net\/images\/emoji.php\/v9\/t7\/1\/16\/1f384.png\" alt=\"\ud83c\udf84\" width=\"16\" height=\"16\" \/><\/span><\/div>\n<\/div>\n<div class=\"x14z9mp xat24cr x1lziwak x1vvkbs xtlvy1s x126k92a\">\n<div dir=\"auto\">Meie kooli traditsiooniline j\u00f5ululaat ja perep\u00e4ev, kus lapsed said m\u00fc\u00fca enda k\u00fcpsetatud maiustusi ja vahvaid meisterdusi, toimus 11.detsembril.\u00a0 Avatud olid ka meisterdamise t\u00f6\u00f6tuba.<\/div>\n<\/div>\n<div class=\"x14z9mp xat24cr x1lziwak x1vvkbs xtlvy1s x126k92a\">\n<div dir=\"auto\">Suur ait\u00e4h k\u00f5igile osalejatele!<\/div>\n<div dir=\"auto\"><a href=\"https:\/\/www.vask.edu.ee\/wp\/wp-content\/uploads\/2025\/12\/perepaev.jpg\"><img loading=\"lazy\" class=\"aligncenter size-large wp-image-24100\" src=\"https:\/\/www.vask.edu.ee\/wp\/wp-content\/uploads\/2025\/12\/perepaev-600x800.jpg\" alt=\"\" width=\"600\" height=\"800\" srcset=\"https:\/\/www.vask.edu.ee\/wp\/wp-content\/uploads\/2025\/12\/perepaev-225x300.jpg 225w, https:\/\/www.vask.edu.ee\/wp\/wp-content\/uploads\/2025\/12\/perepaev-768x1024.jpg 768w, https:\/\/www.vask.edu.ee\/wp\/wp-content\/uploads\/2025\/12\/perepaev-1152x1536.jpg 1152w, https:\/\/www.vask.edu.ee\/wp\/wp-content\/uploads\/2025\/12\/perepaev-500x667.jpg 500w, https:\/\/www.vask.edu.ee\/wp\/wp-content\/uploads\/2025\/12\/perepaev-1170x1560.jpg 1170w, https:\/\/www.vask.edu.ee\/wp\/wp-content\/uploads\/2025\/12\/perepaev-745x993.jpg 745w, https:\/\/www.vask.edu.ee\/wp\/wp-content\/uploads\/2025\/12\/perepaev-1008x1344.jpg 1008w, https:\/\/www.vask.edu.ee\/wp\/wp-content\/uploads\/2025\/12\/perepaev.jpg 1440w\" sizes=\"(max-width: 600px) 100vw, 600px\" \/><\/a><\/div>\n<\/div>\n<p><strong>Reedel sai 1.trimester l\u00e4bi. <span class=\"html-span xexx8yu xyri2b x18d9i69 x1c1uobl x1hl2dhg x16tdsg8 x1vvkbs x3nfvp2 x1j61x8r x1fcty0u xdj266r xat24cr xm2jcoa x1mpyi22 xxymvpz xlup9mm x1kky2od\"><img loading=\"lazy\" class=\"xz74otr x15mokao x1ga7v0g x16uus16 xbiv7yw\" src=\"https:\/\/static.xx.fbcdn.net\/images\/emoji.php\/v9\/t7f\/1\/16\/1f60a.png\" alt=\"\ud83d\ude0a\" width=\"16\" height=\"16\" \/><\/span> Sel puhul jagati v\u00e4ga heade \u00f5pitulemuste eest kiituskirju ja -kaarte.<a href=\"https:\/\/www.vask.edu.ee\/wp\/wp-content\/uploads\/2025\/12\/viielised.jpg\"><img loading=\"lazy\" class=\"aligncenter wp-image-24062\" src=\"https:\/\/www.vask.edu.ee\/wp\/wp-content\/uploads\/2025\/12\/viielised-742x800.jpg\" alt=\"\" width=\"569\" height=\"613\" srcset=\"https:\/\/www.vask.edu.ee\/wp\/wp-content\/uploads\/2025\/12\/viielised-742x800.jpg 742w, https:\/\/www.vask.edu.ee\/wp\/wp-content\/uploads\/2025\/12\/viielised-278x300.jpg 278w, https:\/\/www.vask.edu.ee\/wp\/wp-content\/uploads\/2025\/12\/viielised-768x828.jpg 768w, https:\/\/www.vask.edu.ee\/wp\/wp-content\/uploads\/2025\/12\/viielised-1424x1536.jpg 1424w, https:\/\/www.vask.edu.ee\/wp\/wp-content\/uploads\/2025\/12\/viielised-500x539.jpg 500w, https:\/\/www.vask.edu.ee\/wp\/wp-content\/uploads\/2025\/12\/viielised-1170x1262.jpg 1170w, https:\/\/www.vask.edu.ee\/wp\/wp-content\/uploads\/2025\/12\/viielised-745x803.jpg 745w, https:\/\/www.vask.edu.ee\/wp\/wp-content\/uploads\/2025\/12\/viielised-1008x1087.jpg 1008w, https:\/\/www.vask.edu.ee\/wp\/wp-content\/uploads\/2025\/12\/viielised.jpg 1440w\" sizes=\"(max-width: 569px) 100vw, 569px\" \/><\/a><a href=\"https:\/\/www.vask.edu.ee\/wp\/wp-content\/uploads\/2025\/12\/neljalised.jpg\"><img loading=\"lazy\" class=\"aligncenter wp-image-24061\" src=\"https:\/\/www.vask.edu.ee\/wp\/wp-content\/uploads\/2025\/12\/neljalised-742x800.jpg\" alt=\"\" width=\"562\" height=\"606\" srcset=\"https:\/\/www.vask.edu.ee\/wp\/wp-content\/uploads\/2025\/12\/neljalised-742x800.jpg 742w, https:\/\/www.vask.edu.ee\/wp\/wp-content\/uploads\/2025\/12\/neljalised-278x300.jpg 278w, https:\/\/www.vask.edu.ee\/wp\/wp-content\/uploads\/2025\/12\/neljalised-768x828.jpg 768w, https:\/\/www.vask.edu.ee\/wp\/wp-content\/uploads\/2025\/12\/neljalised-1425x1536.jpg 1425w, https:\/\/www.vask.edu.ee\/wp\/wp-content\/uploads\/2025\/12\/neljalised-500x539.jpg 500w, https:\/\/www.vask.edu.ee\/wp\/wp-content\/uploads\/2025\/12\/neljalised-1170x1261.jpg 1170w, https:\/\/www.vask.edu.ee\/wp\/wp-content\/uploads\/2025\/12\/neljalised-745x803.jpg 745w, https:\/\/www.vask.edu.ee\/wp\/wp-content\/uploads\/2025\/12\/neljalised-1008x1086.jpg 1008w, https:\/\/www.vask.edu.ee\/wp\/wp-content\/uploads\/2025\/12\/neljalised.jpg 1440w\" sizes=\"(max-width: 562px) 100vw, 562px\" \/><\/a><\/strong><\/p>\n<p><strong>Eelkooli registreerimine on alanud<\/strong><\/p>\n<p><a href=\"https:\/\/www.vask.edu.ee\/wp\/wp-content\/uploads\/2025\/11\/Head-uudised-\u2013-eelkool-alustab-taas.png\"><img loading=\"lazy\" class=\"aligncenter size-large wp-image-24030\" src=\"https:\/\/www.vask.edu.ee\/wp\/wp-content\/uploads\/2025\/11\/Head-uudised-\u2013-eelkool-alustab-taas-566x800.png\" alt=\"\" width=\"566\" height=\"800\" srcset=\"https:\/\/www.vask.edu.ee\/wp\/wp-content\/uploads\/2025\/11\/Head-uudised-\u2013-eelkool-alustab-taas-566x800.png 566w, https:\/\/www.vask.edu.ee\/wp\/wp-content\/uploads\/2025\/11\/Head-uudised-\u2013-eelkool-alustab-taas-212x300.png 212w, https:\/\/www.vask.edu.ee\/wp\/wp-content\/uploads\/2025\/11\/Head-uudised-\u2013-eelkool-alustab-taas-768x1086.png 768w, https:\/\/www.vask.edu.ee\/wp\/wp-content\/uploads\/2025\/11\/Head-uudised-\u2013-eelkool-alustab-taas-1086x1536.png 1086w, https:\/\/www.vask.edu.ee\/wp\/wp-content\/uploads\/2025\/11\/Head-uudised-\u2013-eelkool-alustab-taas-500x707.png 500w, https:\/\/www.vask.edu.ee\/wp\/wp-content\/uploads\/2025\/11\/Head-uudised-\u2013-eelkool-alustab-taas-1170x1655.png 1170w, https:\/\/www.vask.edu.ee\/wp\/wp-content\/uploads\/2025\/11\/Head-uudised-\u2013-eelkool-alustab-taas-745x1054.png 745w, https:\/\/www.vask.edu.ee\/wp\/wp-content\/uploads\/2025\/11\/Head-uudised-\u2013-eelkool-alustab-taas-1008x1426.png 1008w, https:\/\/www.vask.edu.ee\/wp\/wp-content\/uploads\/2025\/11\/Head-uudised-\u2013-eelkool-alustab-taas.png 1414w\" sizes=\"(max-width: 566px) 100vw, 566px\" \/><\/a><\/p>\n<p>Risti koolis toimunud <strong>Arukate \u00d5pilaste Akadeemia<\/strong> 2. turniiril saavutas meie kooli v\u00f5istkond koos Laulasmaa kooliga jagatud<\/p>\n<p>1.\u20132. koha!\u00a0<span class=\"html-span xexx8yu xyri2b x18d9i69 x1c1uobl x1hl2dhg x16tdsg8 x1vvkbs x3nfvp2 x1j61x8r x1fcty0u xdj266r xat24cr xm2jcoa x1mpyi22 xxymvpz xlup9mm x1kky2od\"><img loading=\"lazy\" class=\"xz74otr x15mokao x1ga7v0g x16uus16 xbiv7yw\" src=\"https:\/\/static.xx.fbcdn.net\/images\/emoji.php\/v9\/tbe\/1\/16\/1f3c6.png\" alt=\"\ud83c\udfc6\" width=\"16\" height=\"16\" \/><\/span><span class=\"html-span xexx8yu xyri2b x18d9i69 x1c1uobl x1hl2dhg x16tdsg8 x1vvkbs x3nfvp2 x1j61x8r x1fcty0u xdj266r xat24cr xm2jcoa x1mpyi22 xxymvpz xlup9mm x1kky2od\"><img loading=\"lazy\" class=\"xz74otr x15mokao x1ga7v0g x16uus16 xbiv7yw\" src=\"https:\/\/static.xx.fbcdn.net\/images\/emoji.php\/v9\/t64\/1\/16\/1f91d.png\" alt=\"\ud83e\udd1d\" width=\"16\" height=\"16\" \/><\/span><br class=\"html-br\" \/><br class=\"html-br\" \/>Oleme oma nutikate ja teadmishimuliste \u00f5pilaste \u00fcle v\u00e4ga uhked \u2013 suurep\u00e4rane t\u00f6\u00f6 ja koost\u00f6\u00f6!\u00a0<span class=\"html-span xexx8yu xyri2b x18d9i69 x1c1uobl x1hl2dhg x16tdsg8 x1vvkbs x3nfvp2 x1j61x8r x1fcty0u xdj266r xat24cr xm2jcoa x1mpyi22 xxymvpz xlup9mm x1kky2od\"><img loading=\"lazy\" class=\"xz74otr x15mokao x1ga7v0g x16uus16 xbiv7yw\" src=\"https:\/\/static.xx.fbcdn.net\/images\/emoji.php\/v9\/tfe\/1\/16\/1f44f.png\" alt=\"\ud83d\udc4f\" width=\"16\" height=\"16\" \/><\/span><span class=\"html-span xexx8yu xyri2b x18d9i69 x1c1uobl x1hl2dhg x16tdsg8 x1vvkbs x3nfvp2 x1j61x8r x1fcty0u xdj266r xat24cr xm2jcoa x1mpyi22 xxymvpz xlup9mm x1kky2od\"><img loading=\"lazy\" class=\"xz74otr x15mokao x1ga7v0g x16uus16 xbiv7yw\" src=\"https:\/\/static.xx.fbcdn.net\/images\/emoji.php\/v9\/tf4\/1\/16\/2728.png\" alt=\"\u2728\" width=\"16\" height=\"16\" \/><\/span><\/p>\n<p><a href=\"https:\/\/www.vask.edu.ee\/wp\/wp-content\/uploads\/2025\/11\/AOA.jpg\"><img loading=\"lazy\" class=\"aligncenter size-large wp-image-24021\" src=\"https:\/\/www.vask.edu.ee\/wp\/wp-content\/uploads\/2025\/11\/AOA-650x800.jpg\" alt=\"\" width=\"650\" height=\"800\" srcset=\"https:\/\/www.vask.edu.ee\/wp\/wp-content\/uploads\/2025\/11\/AOA-650x800.jpg 650w, https:\/\/www.vask.edu.ee\/wp\/wp-content\/uploads\/2025\/11\/AOA-244x300.jpg 244w, https:\/\/www.vask.edu.ee\/wp\/wp-content\/uploads\/2025\/11\/AOA-768x945.jpg 768w, https:\/\/www.vask.edu.ee\/wp\/wp-content\/uploads\/2025\/11\/AOA-1249x1536.jpg 1249w, https:\/\/www.vask.edu.ee\/wp\/wp-content\/uploads\/2025\/11\/AOA-500x615.jpg 500w, https:\/\/www.vask.edu.ee\/wp\/wp-content\/uploads\/2025\/11\/AOA-1170x1439.jpg 1170w, https:\/\/www.vask.edu.ee\/wp\/wp-content\/uploads\/2025\/11\/AOA-745x916.jpg 745w, https:\/\/www.vask.edu.ee\/wp\/wp-content\/uploads\/2025\/11\/AOA-1008x1240.jpg 1008w, https:\/\/www.vask.edu.ee\/wp\/wp-content\/uploads\/2025\/11\/AOA.jpg 1440w\" sizes=\"(max-width: 650px) 100vw, 650px\" \/><\/a><\/p>\n<div dir=\"auto\"><strong>7. ja 9. klass k\u00fclastasid Tartu AHHAA Teaduskeskust<\/strong><\/div>\n<div dir=\"auto\"><span class=\"html-span xexx8yu xyri2b x18d9i69 x1c1uobl x1hl2dhg x16tdsg8 x1vvkbs x3nfvp2 x1j61x8r x1fcty0u xdj266r xat24cr xm2jcoa x1mpyi22 xxymvpz xlup9mm x1kky2od\"><img loading=\"lazy\" class=\"xz74otr x15mokao x1ga7v0g x16uus16 xbiv7yw\" src=\"https:\/\/static.xx.fbcdn.net\/images\/emoji.php\/v9\/tea\/1\/16\/1f469_200d_1f52c.png\" alt=\"\ud83d\udc69\u200d\ud83d\udd2c\" width=\"16\" height=\"16\" \/><\/span>Lisaks keskuse k\u00fclastusele saadi osa teadusteatri etendusest &#8220;V\u00e4rviline keemia&#8221;<a href=\"https:\/\/www.vask.edu.ee\/wp\/wp-content\/uploads\/2025\/11\/ahhaa.jpg\"><br \/>\n<img loading=\"lazy\" class=\"aligncenter size-large wp-image-24005\" src=\"https:\/\/www.vask.edu.ee\/wp\/wp-content\/uploads\/2025\/11\/ahhaa-800x379.jpg\" alt=\"\" width=\"800\" height=\"379\" srcset=\"https:\/\/www.vask.edu.ee\/wp\/wp-content\/uploads\/2025\/11\/ahhaa-800x379.jpg 800w, https:\/\/www.vask.edu.ee\/wp\/wp-content\/uploads\/2025\/11\/ahhaa-768x364.jpg 768w, https:\/\/www.vask.edu.ee\/wp\/wp-content\/uploads\/2025\/11\/ahhaa-1536x728.jpg 1536w, https:\/\/www.vask.edu.ee\/wp\/wp-content\/uploads\/2025\/11\/ahhaa-2048x971.jpg 2048w, https:\/\/www.vask.edu.ee\/wp\/wp-content\/uploads\/2025\/11\/ahhaa-500x237.jpg 500w, https:\/\/www.vask.edu.ee\/wp\/wp-content\/uploads\/2025\/11\/ahhaa-1170x555.jpg 1170w, https:\/\/www.vask.edu.ee\/wp\/wp-content\/uploads\/2025\/11\/ahhaa-745x353.jpg 745w, https:\/\/www.vask.edu.ee\/wp\/wp-content\/uploads\/2025\/11\/ahhaa-1008x478.jpg 1008w\" sizes=\"(max-width: 800px) 100vw, 800px\" \/><\/a><\/div>\n<p><strong>4. klass k\u00e4is Eesti Vaba\u00f5humuuseumis, kus l\u00e4bisid Kuie kooli haridusprogrammi.<\/strong><a href=\"https:\/\/www.vask.edu.ee\/wp\/wp-content\/uploads\/2025\/11\/vabaohu.jpg\"><img loading=\"lazy\" class=\"aligncenter size-large wp-image-24004\" src=\"https:\/\/www.vask.edu.ee\/wp\/wp-content\/uploads\/2025\/11\/vabaohu-800x422.jpg\" alt=\"\" width=\"800\" height=\"422\" srcset=\"https:\/\/www.vask.edu.ee\/wp\/wp-content\/uploads\/2025\/11\/vabaohu-800x422.jpg 800w, https:\/\/www.vask.edu.ee\/wp\/wp-content\/uploads\/2025\/11\/vabaohu-768x405.jpg 768w, https:\/\/www.vask.edu.ee\/wp\/wp-content\/uploads\/2025\/11\/vabaohu-500x264.jpg 500w, https:\/\/www.vask.edu.ee\/wp\/wp-content\/uploads\/2025\/11\/vabaohu-1170x617.jpg 1170w, https:\/\/www.vask.edu.ee\/wp\/wp-content\/uploads\/2025\/11\/vabaohu-745x393.jpg 745w, https:\/\/www.vask.edu.ee\/wp\/wp-content\/uploads\/2025\/11\/vabaohu-1008x532.jpg 1008w, https:\/\/www.vask.edu.ee\/wp\/wp-content\/uploads\/2025\/11\/vabaohu.jpg 1351w\" sizes=\"(max-width: 800px) 100vw, 800px\" \/><\/a><\/p>\n<div dir=\"auto\"><strong>8. oktoobril toimus 2. klassi \u00f5ppek\u00e4ik Paksu Margareetasse.<\/strong> Teemaks V\u00e4rav linna ja sadama vahel.<\/div>\n<p><a href=\"https:\/\/www.vask.edu.ee\/wp\/wp-content\/uploads\/2025\/11\/margareeta.jpg\"><img loading=\"lazy\" class=\"aligncenter size-large wp-image-24003\" src=\"https:\/\/www.vask.edu.ee\/wp\/wp-content\/uploads\/2025\/11\/margareeta-602x800.jpg\" alt=\"\" width=\"602\" height=\"800\" srcset=\"https:\/\/www.vask.edu.ee\/wp\/wp-content\/uploads\/2025\/11\/margareeta-602x800.jpg 602w, https:\/\/www.vask.edu.ee\/wp\/wp-content\/uploads\/2025\/11\/margareeta-226x300.jpg 226w, https:\/\/www.vask.edu.ee\/wp\/wp-content\/uploads\/2025\/11\/margareeta-768x1021.jpg 768w, https:\/\/www.vask.edu.ee\/wp\/wp-content\/uploads\/2025\/11\/margareeta-1156x1536.jpg 1156w, https:\/\/www.vask.edu.ee\/wp\/wp-content\/uploads\/2025\/11\/margareeta-500x665.jpg 500w, https:\/\/www.vask.edu.ee\/wp\/wp-content\/uploads\/2025\/11\/margareeta-1170x1555.jpg 1170w, https:\/\/www.vask.edu.ee\/wp\/wp-content\/uploads\/2025\/11\/margareeta-745x990.jpg 745w, https:\/\/www.vask.edu.ee\/wp\/wp-content\/uploads\/2025\/11\/margareeta-1008x1340.jpg 1008w, https:\/\/www.vask.edu.ee\/wp\/wp-content\/uploads\/2025\/11\/margareeta.jpg 1440w\" sizes=\"(max-width: 602px) 100vw, 602px\" \/><\/a><\/p>\n<p>&nbsp;<\/p>\n<div dir=\"auto\"><strong>6. oktoobril t\u00e4histasime \u00f5petajate p\u00e4eva!<\/strong><\/div>\n<div dir=\"auto\">\u00d5petamise v\u00f5tsid \u00fcle 9. klassi \u00f5pilased ja \u00f5petajaid naerutas Jan Uusp\u00f5ld.<\/div>\n<div dir=\"auto\">P\u00e4eva l\u00f5petad traditsiooniline \u00f5petajate p\u00e4eva aktus.<\/div>\n<div dir=\"auto\">Oli t\u00f5eliselt s\u00fcdamlik ja t\u00e4nutunnet t\u00e4is p\u00e4ev!<\/div>\n<p><a href=\"https:\/\/www.vask.edu.ee\/wp\/wp-content\/uploads\/2025\/11\/opetajad.jpg\"><img loading=\"lazy\" class=\"aligncenter size-large wp-image-24002\" src=\"https:\/\/www.vask.edu.ee\/wp\/wp-content\/uploads\/2025\/11\/opetajad-711x800.jpg\" alt=\"\" width=\"711\" height=\"800\" srcset=\"https:\/\/www.vask.edu.ee\/wp\/wp-content\/uploads\/2025\/11\/opetajad-711x800.jpg 711w, https:\/\/www.vask.edu.ee\/wp\/wp-content\/uploads\/2025\/11\/opetajad-267x300.jpg 267w, https:\/\/www.vask.edu.ee\/wp\/wp-content\/uploads\/2025\/11\/opetajad-768x865.jpg 768w, https:\/\/www.vask.edu.ee\/wp\/wp-content\/uploads\/2025\/11\/opetajad-1364x1536.jpg 1364w, https:\/\/www.vask.edu.ee\/wp\/wp-content\/uploads\/2025\/11\/opetajad-500x563.jpg 500w, https:\/\/www.vask.edu.ee\/wp\/wp-content\/uploads\/2025\/11\/opetajad-1170x1317.jpg 1170w, https:\/\/www.vask.edu.ee\/wp\/wp-content\/uploads\/2025\/11\/opetajad-745x839.jpg 745w, https:\/\/www.vask.edu.ee\/wp\/wp-content\/uploads\/2025\/11\/opetajad-1008x1135.jpg 1008w, https:\/\/www.vask.edu.ee\/wp\/wp-content\/uploads\/2025\/11\/opetajad.jpg 1440w\" sizes=\"(max-width: 711px) 100vw, 711px\" \/><\/a><\/p>\n<div class=\"xdj266r x14z9mp xat24cr x1lziwak x1vvkbs x126k92a\">\n<div dir=\"auto\"><strong>1. oktoobril t\u00e4histasime muusikap\u00e4eva meie kaunis m\u00f5isamajas, mis t\u00e4itus helide ja r\u00f5\u00f5muga.<\/strong> <span class=\"html-span xexx8yu xyri2b x18d9i69 x1c1uobl x1hl2dhg x16tdsg8 x1vvkbs x3nfvp2 x1j61x8r x1fcty0u xdj266r xat24cr xm2jcoa x1mpyi22 xxymvpz xlup9mm x1kky2od\"><img loading=\"lazy\" class=\"xz74otr x15mokao x1ga7v0g x16uus16 xbiv7yw\" src=\"https:\/\/static.xx.fbcdn.net\/images\/emoji.php\/v9\/t1f\/1\/16\/1f3b6.png\" alt=\"\ud83c\udfb6\" width=\"16\" height=\"16\" \/><\/span><\/div>\n<\/div>\n<div class=\"x14z9mp xat24cr x1lziwak x1vvkbs xtlvy1s x126k92a\">\n<div dir=\"auto\">Laval olid meie oma kooli andekad lapsed, kes esitasid kauneid palasid klaveril, viiulil ja fl\u00f6\u00f6dil <span class=\"html-span xexx8yu xyri2b x18d9i69 x1c1uobl x1hl2dhg x16tdsg8 x1vvkbs x3nfvp2 x1j61x8r x1fcty0u xdj266r xat24cr xm2jcoa x1mpyi22 xxymvpz xlup9mm x1kky2od\"><img loading=\"lazy\" class=\"xz74otr x15mokao x1ga7v0g x16uus16 xbiv7yw\" src=\"https:\/\/static.xx.fbcdn.net\/images\/emoji.php\/v9\/ta2\/1\/16\/1f3b9.png\" alt=\"\ud83c\udfb9\" width=\"16\" height=\"16\" \/><\/span><span class=\"html-span xexx8yu xyri2b x18d9i69 x1c1uobl x1hl2dhg x16tdsg8 x1vvkbs x3nfvp2 x1j61x8r x1fcty0u xdj266r xat24cr xm2jcoa x1mpyi22 xxymvpz xlup9mm x1kky2od\"><img loading=\"lazy\" class=\"xz74otr x15mokao x1ga7v0g x16uus16 xbiv7yw\" src=\"https:\/\/static.xx.fbcdn.net\/images\/emoji.php\/v9\/tb9\/1\/16\/1fa88.png\" alt=\"\ud83e\ude88\" width=\"16\" height=\"16\" \/><\/span><span class=\"html-span xexx8yu xyri2b x18d9i69 x1c1uobl x1hl2dhg x16tdsg8 x1vvkbs x3nfvp2 x1j61x8r x1fcty0u xdj266r xat24cr xm2jcoa x1mpyi22 xxymvpz xlup9mm x1kky2od\"><img loading=\"lazy\" class=\"xz74otr x15mokao x1ga7v0g x16uus16 xbiv7yw\" src=\"https:\/\/static.xx.fbcdn.net\/images\/emoji.php\/v9\/t4b\/1\/16\/1f3bb.png\" alt=\"\ud83c\udfbb\" width=\"16\" height=\"16\" \/><\/span><\/div>\n<\/div>\n<div class=\"x14z9mp xat24cr x1lziwak x1vvkbs xtlvy1s x126k92a\">\n<div dir=\"auto\">Iga esitus oli siiras ja s\u00fcdamlik, pakkudes publikule sooje hetki ning n\u00e4idates, kui palju peitub meie noortes muusikalist s\u00e4ra ja p\u00fchendumust.<\/div>\n<\/div>\n<div class=\"x14z9mp xat24cr x1lziwak x1vvkbs xtlvy1s x126k92a\">\n<div dir=\"auto\">Lisaks esines meie oma armas \u00f5petaja Helen! <span class=\"html-span xexx8yu xyri2b x18d9i69 x1c1uobl x1hl2dhg x16tdsg8 x1vvkbs x3nfvp2 x1j61x8r x1fcty0u xdj266r xat24cr xm2jcoa x1mpyi22 xxymvpz xlup9mm x1kky2od\"><img loading=\"lazy\" class=\"xz74otr x15mokao x1ga7v0g x16uus16 xbiv7yw\" src=\"https:\/\/static.xx.fbcdn.net\/images\/emoji.php\/v9\/t15\/1\/16\/1f49b.png\" alt=\"\ud83d\udc9b\" width=\"16\" height=\"16\" \/><\/span><span class=\"html-span xexx8yu xyri2b x18d9i69 x1c1uobl x1hl2dhg x16tdsg8 x1vvkbs x3nfvp2 x1j61x8r x1fcty0u xdj266r xat24cr xm2jcoa x1mpyi22 xxymvpz xlup9mm x1kky2od\"><img loading=\"lazy\" class=\"xz74otr x15mokao x1ga7v0g x16uus16 xbiv7yw\" src=\"https:\/\/static.xx.fbcdn.net\/images\/emoji.php\/v9\/tf4\/1\/16\/2728.png\" alt=\"\u2728\" width=\"16\" height=\"16\" \/><\/span><\/div>\n<\/div>\n<div class=\"x14z9mp xat24cr x1lziwak x1vvkbs xtlvy1s x126k92a\">\n<div dir=\"auto\">Suur t\u00e4nu ka L\u00e4\u00e4ne-Harju Muusika-ja Kunstide Koolile, et meie lapsi nii h\u00e4sti hoiate<\/div>\n<\/div>\n<p><a href=\"https:\/\/www.vask.edu.ee\/wp\/wp-content\/uploads\/2025\/11\/muusikapaev.jpg\"><img loading=\"lazy\" class=\"aligncenter size-large wp-image-24001\" src=\"https:\/\/www.vask.edu.ee\/wp\/wp-content\/uploads\/2025\/11\/muusikapaev-600x800.jpg\" alt=\"\" width=\"600\" height=\"800\" srcset=\"https:\/\/www.vask.edu.ee\/wp\/wp-content\/uploads\/2025\/11\/muusikapaev-225x300.jpg 225w, https:\/\/www.vask.edu.ee\/wp\/wp-content\/uploads\/2025\/11\/muusikapaev-768x1024.jpg 768w, https:\/\/www.vask.edu.ee\/wp\/wp-content\/uploads\/2025\/11\/muusikapaev-1152x1536.jpg 1152w, https:\/\/www.vask.edu.ee\/wp\/wp-content\/uploads\/2025\/11\/muusikapaev-500x667.jpg 500w, https:\/\/www.vask.edu.ee\/wp\/wp-content\/uploads\/2025\/11\/muusikapaev-1170x1560.jpg 1170w, https:\/\/www.vask.edu.ee\/wp\/wp-content\/uploads\/2025\/11\/muusikapaev-745x993.jpg 745w, https:\/\/www.vask.edu.ee\/wp\/wp-content\/uploads\/2025\/11\/muusikapaev-1008x1344.jpg 1008w, https:\/\/www.vask.edu.ee\/wp\/wp-content\/uploads\/2025\/11\/muusikapaev.jpg 1536w\" sizes=\"(max-width: 600px) 100vw, 600px\" \/><\/a><\/p>\n<p>&nbsp;<\/p>\n<div dir=\"auto\"><strong>1.klassi esimene \u00f5ppek\u00e4ik viis 24.septembril loomaaeda. <\/strong><\/div>\n<div dir=\"auto\">Osalesime KIK programmis \u201cLoomad erinevates elukeskkondades\u201d.<\/div>\n<div dir=\"auto\">\u00d5ppek\u00e4igul j\u00e4lgisime loomade v\u00e4limust ning saime teada, kuidas nende kohastumused aitavad oma elupaigas paremini hakkama saada.<\/div>\n<div dir=\"auto\">Tutvusime vihmametsa, savanni, troopika ja tundraga.<\/div>\n<div dir=\"auto\"><\/div>\n<p><a href=\"https:\/\/www.vask.edu.ee\/wp\/wp-content\/uploads\/2025\/11\/1.kl-loomaaed.jpg\"><img loading=\"lazy\" class=\"aligncenter size-large wp-image-24000\" src=\"https:\/\/www.vask.edu.ee\/wp\/wp-content\/uploads\/2025\/11\/1.kl-loomaaed-800x419.jpg\" alt=\"\" width=\"800\" height=\"419\" srcset=\"https:\/\/www.vask.edu.ee\/wp\/wp-content\/uploads\/2025\/11\/1.kl-loomaaed-800x419.jpg 800w, https:\/\/www.vask.edu.ee\/wp\/wp-content\/uploads\/2025\/11\/1.kl-loomaaed-768x402.jpg 768w, https:\/\/www.vask.edu.ee\/wp\/wp-content\/uploads\/2025\/11\/1.kl-loomaaed-500x262.jpg 500w, https:\/\/www.vask.edu.ee\/wp\/wp-content\/uploads\/2025\/11\/1.kl-loomaaed-745x390.jpg 745w, https:\/\/www.vask.edu.ee\/wp\/wp-content\/uploads\/2025\/11\/1.kl-loomaaed-1008x528.jpg 1008w, https:\/\/www.vask.edu.ee\/wp\/wp-content\/uploads\/2025\/11\/1.kl-loomaaed.jpg 1072w\" sizes=\"(max-width: 800px) 100vw, 800px\" \/><\/a><\/p>\n<div class=\"xdj266r x14z9mp xat24cr x1lziwak x1vvkbs x126k92a\">\n<div dir=\"auto\"><\/div>\n<div dir=\"auto\"><strong>26.septembril osales 6. klass Lastekirjanduse Keskuse teematunnis \u201cEesti raamat 500\u201d.<\/strong><\/div>\n<\/div>\n<div class=\"x14z9mp xat24cr x1lziwak x1vvkbs xtlvy1s x126k92a\">\n<div dir=\"auto\"><span class=\"html-span xexx8yu xyri2b x18d9i69 x1c1uobl x1hl2dhg x16tdsg8 x1vvkbs x3nfvp2 x1j61x8r x1fcty0u xdj266r xat24cr xm2jcoa x1mpyi22 xxymvpz xlup9mm x1kky2od\"><img loading=\"lazy\" class=\"xz74otr x15mokao x1ga7v0g x16uus16 xbiv7yw\" src=\"https:\/\/static.xx.fbcdn.net\/images\/emoji.php\/v9\/t1d\/1\/16\/1f4d5.png\" alt=\"\ud83d\udcd5\" width=\"16\" height=\"16\" \/><\/span>N\u00e4gime, saime katsuda ning proovisime lugeda vanu raamatuid. Saime rohkem teada, kuidas on keel arenenud ja missugune on olnud (laste)raamatute elu Eestis <span class=\"html-span xexx8yu xyri2b x18d9i69 x1c1uobl x1hl2dhg x16tdsg8 x1vvkbs x3nfvp2 x1j61x8r x1fcty0u xdj266r xat24cr xm2jcoa x1mpyi22 xxymvpz xlup9mm x1kky2od\"><img loading=\"lazy\" class=\"xz74otr x15mokao x1ga7v0g x16uus16 xbiv7yw\" src=\"https:\/\/static.xx.fbcdn.net\/images\/emoji.php\/v9\/t3e\/1\/16\/1f1ea_1f1ea.png\" alt=\"\ud83c\uddea\ud83c\uddea\" width=\"16\" height=\"16\" \/><\/span><\/div>\n<\/div>\n<div class=\"x14z9mp xat24cr x1lziwak x1vvkbs xtlvy1s x126k92a\">\n<div dir=\"auto\"><span class=\"html-span xexx8yu xyri2b x18d9i69 x1c1uobl x1hl2dhg x16tdsg8 x1vvkbs x3nfvp2 x1j61x8r x1fcty0u xdj266r xat24cr xm2jcoa x1mpyi22 xxymvpz xlup9mm x1kky2od\"><img loading=\"lazy\" class=\"xz74otr x15mokao x1ga7v0g x16uus16 xbiv7yw\" src=\"https:\/\/static.xx.fbcdn.net\/images\/emoji.php\/v9\/t4f\/1\/16\/2712.png\" alt=\"\u2712\ufe0f\" width=\"16\" height=\"16\" \/><\/span>Lisaks saime kirjutada sule ja tindiga! <span class=\"html-span xexx8yu xyri2b x18d9i69 x1c1uobl x1hl2dhg x16tdsg8 x1vvkbs x3nfvp2 x1j61x8r x1fcty0u xdj266r xat24cr xm2jcoa x1mpyi22 xxymvpz xlup9mm x1kky2od\"><img loading=\"lazy\" class=\"xz74otr x15mokao x1ga7v0g x16uus16 xbiv7yw\" src=\"https:\/\/static.xx.fbcdn.net\/images\/emoji.php\/v9\/tb7\/1\/16\/1f58b.png\" alt=\"\ud83d\udd8b\ufe0f\" width=\"16\" height=\"16\" \/><\/span><\/div>\n<\/div>\n<div class=\"x14z9mp xat24cr x1lziwak x1vvkbs xtlvy1s x126k92a\">\n<div dir=\"auto\">Suur t\u00e4nu <span class=\"html-span xdj266r x14z9mp xat24cr x1lziwak xexx8yu xyri2b x18d9i69 x1c1uobl x1hl2dhg x16tdsg8 x1vvkbs\"><a class=\"x1i10hfl xjbqb8w x1ejq31n x18oe1m7 x1sy0etr xstzfhl x972fbf x10w94by x1qhh985 x14e42zd x9f619 x1ypdohk xt0psk2 x3ct3a4 xdj266r x14z9mp xat24cr x1lziwak xexx8yu xyri2b x18d9i69 x1c1uobl x16tdsg8 x1hl2dhg xggy1nq x1a2a7pz xkrqix3 x1sur9pj x1fey0fg x1s688f\" role=\"link\" href=\"https:\/\/www.facebook.com\/lastekirjandusekeskus?__cft__[0]=AZUQweJqZe-SnRq1CaeSQGf6C8Lw0RJUWCeHYjScT09FLtCuarJCM8tRzQFbWnAQiLWPCR-8Ce7qaZDtqfzQlJq85ZtKsyqYiIZfVnGDO5CU7zJnIhKl1EQjAsWyloE8YjquICqje0GuPp9lWcbU-EeT4uYnApkFaoaNkk0d5OFGoYGX3PMCnogpZRpYGz_HQ4Q&amp;__tn__=-]K-R\"><span class=\"xt0psk2\"><span class=\"xjp7ctv\">Eesti Lastekirjanduse Keskus<\/span><\/span><\/a><\/span>. Meil oli imeline teematunni l\u00e4biviija ja kohtume juba varsti uuesti! <span class=\"html-span xexx8yu xyri2b x18d9i69 x1c1uobl x1hl2dhg x16tdsg8 x1vvkbs x3nfvp2 x1j61x8r x1fcty0u xdj266r xat24cr xm2jcoa x1mpyi22 xxymvpz xlup9mm x1kky2od\"><img loading=\"lazy\" class=\"xz74otr x15mokao x1ga7v0g x16uus16 xbiv7yw\" src=\"https:\/\/static.xx.fbcdn.net\/images\/emoji.php\/v9\/tea\/1\/16\/1f970.png\" alt=\"\ud83e\udd70\" width=\"16\" height=\"16\" \/><\/span><\/div>\n<\/div>\n<p><a href=\"https:\/\/www.vask.edu.ee\/wp\/wp-content\/uploads\/2025\/11\/raamatupaev.jpg\"><img loading=\"lazy\" class=\"aligncenter size-large wp-image-23999\" src=\"https:\/\/www.vask.edu.ee\/wp\/wp-content\/uploads\/2025\/11\/raamatupaev-800x600.jpg\" alt=\"\" width=\"800\" height=\"600\" srcset=\"https:\/\/www.vask.edu.ee\/wp\/wp-content\/uploads\/2025\/11\/raamatupaev-800x600.jpg 800w, https:\/\/www.vask.edu.ee\/wp\/wp-content\/uploads\/2025\/11\/raamatupaev-768x576.jpg 768w, https:\/\/www.vask.edu.ee\/wp\/wp-content\/uploads\/2025\/11\/raamatupaev-1536x1152.jpg 1536w, https:\/\/www.vask.edu.ee\/wp\/wp-content\/uploads\/2025\/11\/raamatupaev-500x375.jpg 500w, https:\/\/www.vask.edu.ee\/wp\/wp-content\/uploads\/2025\/11\/raamatupaev-1170x878.jpg 1170w, https:\/\/www.vask.edu.ee\/wp\/wp-content\/uploads\/2025\/11\/raamatupaev-745x559.jpg 745w, https:\/\/www.vask.edu.ee\/wp\/wp-content\/uploads\/2025\/11\/raamatupaev-1008x756.jpg 1008w, https:\/\/www.vask.edu.ee\/wp\/wp-content\/uploads\/2025\/11\/raamatupaev.jpg 2048w\" sizes=\"(max-width: 800px) 100vw, 800px\" \/><\/a><\/p>\n<div dir=\"auto\"><\/div>\n<div dir=\"auto\"><\/div>\n<div dir=\"auto\"><strong>T\u00e4histasime spordin\u00e4dalat.<\/strong><\/div>\n<div dir=\"auto\">Spordin\u00e4dal on \u00fcleeuroopaline liikumiskampaania, mille eesm\u00e4rk on t\u00f5mmata kehalisele aktiivsusele ja tervislikele eluviisidele suuremat t\u00e4helepanu.<\/div>\n<p><a href=\"https:\/\/www.vask.edu.ee\/wp\/wp-content\/uploads\/2025\/11\/spordinadal.jpg\"><img loading=\"lazy\" class=\"aligncenter size-large wp-image-23998\" src=\"https:\/\/www.vask.edu.ee\/wp\/wp-content\/uploads\/2025\/11\/spordinadal-800x673.jpg\" alt=\"\" width=\"800\" height=\"673\" srcset=\"https:\/\/www.vask.edu.ee\/wp\/wp-content\/uploads\/2025\/11\/spordinadal-800x673.jpg 800w, https:\/\/www.vask.edu.ee\/wp\/wp-content\/uploads\/2025\/11\/spordinadal-768x646.jpg 768w, https:\/\/www.vask.edu.ee\/wp\/wp-content\/uploads\/2025\/11\/spordinadal-500x420.jpg 500w, https:\/\/www.vask.edu.ee\/wp\/wp-content\/uploads\/2025\/11\/spordinadal-1170x984.jpg 1170w, https:\/\/www.vask.edu.ee\/wp\/wp-content\/uploads\/2025\/11\/spordinadal-745x627.jpg 745w, https:\/\/www.vask.edu.ee\/wp\/wp-content\/uploads\/2025\/11\/spordinadal-1008x848.jpg 1008w, https:\/\/www.vask.edu.ee\/wp\/wp-content\/uploads\/2025\/11\/spordinadal.jpg 1440w\" sizes=\"(max-width: 800px) 100vw, 800px\" \/><\/a><\/p>\n<div class=\"xdj266r x14z9mp xat24cr x1lziwak x1vvkbs x126k92a\">\n<div dir=\"auto\"><\/div>\n<div dir=\"auto\"><\/div>\n<div dir=\"auto\"><strong>Maailmakoristusp\u00e4eva raames andsime ka meie kogu kooliga\u00a0 panuse oma kodukandi pr\u00fcgivabadusse.<\/strong><\/div>\n<\/div>\n<div class=\"x14z9mp xat24cr x1lziwak x1vvkbs xtlvy1s x126k92a\">\n<div dir=\"auto\">Ole hooliv, \u00e4ra viska pr\u00fcgi maha!<\/div>\n<\/div>\n<p><a href=\"https:\/\/www.vask.edu.ee\/wp\/wp-content\/uploads\/2025\/11\/prugikoristus.jpg\"><img loading=\"lazy\" class=\"aligncenter size-large wp-image-23997\" src=\"https:\/\/www.vask.edu.ee\/wp\/wp-content\/uploads\/2025\/11\/prugikoristus-600x800.jpg\" alt=\"\" width=\"600\" height=\"800\" srcset=\"https:\/\/www.vask.edu.ee\/wp\/wp-content\/uploads\/2025\/11\/prugikoristus-225x300.jpg 225w, https:\/\/www.vask.edu.ee\/wp\/wp-content\/uploads\/2025\/11\/prugikoristus-768x1024.jpg 768w, https:\/\/www.vask.edu.ee\/wp\/wp-content\/uploads\/2025\/11\/prugikoristus-500x667.jpg 500w, https:\/\/www.vask.edu.ee\/wp\/wp-content\/uploads\/2025\/11\/prugikoristus-745x993.jpg 745w, https:\/\/www.vask.edu.ee\/wp\/wp-content\/uploads\/2025\/11\/prugikoristus-1008x1344.jpg 1008w, https:\/\/www.vask.edu.ee\/wp\/wp-content\/uploads\/2025\/11\/prugikoristus.jpg 1062w\" sizes=\"(max-width: 600px) 100vw, 600px\" \/><\/a><\/p>\n<p>&nbsp;<\/p>\n<p>&nbsp;<\/p>\n<p><strong>8. klass k\u00fclastas Eesti Loodusmuuseumi seenen\u00e4itust, kus tutvusid nii s\u00f6\u00f6davate, mittes\u00f6\u00f6davate kui ka m\u00fcrgiste seentega ning osalesid laboritunnis.<\/strong><\/p>\n<p><a href=\"https:\/\/www.vask.edu.ee\/wp\/wp-content\/uploads\/2025\/11\/8.kl-seened.jpg\"><img loading=\"lazy\" class=\"aligncenter size-large wp-image-23996\" src=\"https:\/\/www.vask.edu.ee\/wp\/wp-content\/uploads\/2025\/11\/8.kl-seened-600x800.jpg\" alt=\"\" width=\"600\" height=\"800\" srcset=\"https:\/\/www.vask.edu.ee\/wp\/wp-content\/uploads\/2025\/11\/8.kl-seened-225x300.jpg 225w, https:\/\/www.vask.edu.ee\/wp\/wp-content\/uploads\/2025\/11\/8.kl-seened-768x1024.jpg 768w, https:\/\/www.vask.edu.ee\/wp\/wp-content\/uploads\/2025\/11\/8.kl-seened-500x667.jpg 500w, https:\/\/www.vask.edu.ee\/wp\/wp-content\/uploads\/2025\/11\/8.kl-seened-745x993.jpg 745w, https:\/\/www.vask.edu.ee\/wp\/wp-content\/uploads\/2025\/11\/8.kl-seened-1008x1344.jpg 1008w, https:\/\/www.vask.edu.ee\/wp\/wp-content\/uploads\/2025\/11\/8.kl-seened.jpg 1152w\" sizes=\"(max-width: 600px) 100vw, 600px\" \/><\/a><\/p>\n<div dir=\"auto\"><\/div>\n<div dir=\"auto\"><\/div>\n<div dir=\"auto\"><strong>17. septembril k\u00e4is loomaaias 3.klass.<\/strong><\/div>\n<div dir=\"auto\">\u00d5ppeprogrammi raames tutvusime loomade erinevate elukeskkondadega.<\/div>\n<div dir=\"auto\">\u00d5ppeklassis l\u00e4bi m\u00e4ngides ehitasime loomadele neile sobivaid elukeskkondasid- metsi, vihmametsi, savanne, k\u00f5rbesid ja m\u00e4estikke.<\/div>\n<div dir=\"auto\"><span class=\"html-span xexx8yu xyri2b x18d9i69 x1c1uobl x1hl2dhg x16tdsg8 x1vvkbs x3nfvp2 x1j61x8r x1fcty0u xdj266r xat24cr xm2jcoa x1mpyi22 xxymvpz xlup9mm x1kky2od\"><img loading=\"lazy\" class=\"xz74otr x15mokao x1ga7v0g x16uus16 xbiv7yw\" src=\"https:\/\/static.xx.fbcdn.net\/images\/emoji.php\/v9\/t3c\/1\/16\/1f98c.png\" alt=\"\ud83e\udd8c\" width=\"16\" height=\"16\" \/><\/span>Tunni teises pooles l\u00e4ksime vaatama loomaaia loomi, kes elavadki \u00f5pitud elukeskkondades.<\/div>\n<p><a href=\"https:\/\/www.vask.edu.ee\/wp\/wp-content\/uploads\/2025\/11\/3.kl-loomaaed.jpg\"><img loading=\"lazy\" class=\"aligncenter wp-image-23995\" src=\"https:\/\/www.vask.edu.ee\/wp\/wp-content\/uploads\/2025\/11\/3.kl-loomaaed-602x800.jpg\" alt=\"\" width=\"512\" height=\"681\" srcset=\"https:\/\/www.vask.edu.ee\/wp\/wp-content\/uploads\/2025\/11\/3.kl-loomaaed-602x800.jpg 602w, https:\/\/www.vask.edu.ee\/wp\/wp-content\/uploads\/2025\/11\/3.kl-loomaaed-226x300.jpg 226w, https:\/\/www.vask.edu.ee\/wp\/wp-content\/uploads\/2025\/11\/3.kl-loomaaed-768x1021.jpg 768w, https:\/\/www.vask.edu.ee\/wp\/wp-content\/uploads\/2025\/11\/3.kl-loomaaed-1156x1536.jpg 1156w, https:\/\/www.vask.edu.ee\/wp\/wp-content\/uploads\/2025\/11\/3.kl-loomaaed-500x665.jpg 500w, https:\/\/www.vask.edu.ee\/wp\/wp-content\/uploads\/2025\/11\/3.kl-loomaaed-1170x1555.jpg 1170w, https:\/\/www.vask.edu.ee\/wp\/wp-content\/uploads\/2025\/11\/3.kl-loomaaed-745x990.jpg 745w, https:\/\/www.vask.edu.ee\/wp\/wp-content\/uploads\/2025\/11\/3.kl-loomaaed-1008x1340.jpg 1008w, https:\/\/www.vask.edu.ee\/wp\/wp-content\/uploads\/2025\/11\/3.kl-loomaaed.jpg 1440w\" sizes=\"(max-width: 512px) 100vw, 512px\" \/><\/a><\/p>\n<div class=\"xdj266r x14z9mp xat24cr x1lziwak x1vvkbs x126k92a\">\n<div dir=\"auto\"><\/div>\n<div dir=\"auto\"><\/div>\n<div dir=\"auto\"><strong>2.klass k\u00e4is Tallinna loomaaias putukatega s\u00f5braks saamas.<\/strong><\/div>\n<\/div>\n<div class=\"x14z9mp xat24cr x1lziwak x1vvkbs xtlvy1s x126k92a\">\n<div dir=\"auto\"><span class=\"html-span xexx8yu xyri2b x18d9i69 x1c1uobl x1hl2dhg x16tdsg8 x1vvkbs x3nfvp2 x1j61x8r x1fcty0u xdj266r xat24cr xm2jcoa x1mpyi22 xxymvpz xlup9mm x1kky2od\"><img loading=\"lazy\" class=\"xz74otr x15mokao x1ga7v0g x16uus16 xbiv7yw\" src=\"https:\/\/static.xx.fbcdn.net\/images\/emoji.php\/v9\/t4a\/1\/16\/1fab3.png\" alt=\"\ud83e\udeb3\" width=\"16\" height=\"16\" \/><\/span>\u00d5ppeprogrammi raames tutvusime eksootiliste putukatega (nt hiid-raagritsikas).<\/div>\n<\/div>\n<div class=\"x14z9mp xat24cr x1lziwak x1vvkbs xtlvy1s x126k92a\">\n<div dir=\"auto\"><span class=\"html-span xexx8yu xyri2b x18d9i69 x1c1uobl x1hl2dhg x16tdsg8 x1vvkbs x3nfvp2 x1j61x8r x1fcty0u xdj266r xat24cr xm2jcoa x1mpyi22 xxymvpz xlup9mm x1kky2od\"><img loading=\"lazy\" class=\"xz74otr x15mokao x1ga7v0g x16uus16 xbiv7yw\" src=\"https:\/\/static.xx.fbcdn.net\/images\/emoji.php\/v9\/t7e\/1\/16\/1f52c.png\" alt=\"\ud83d\udd2c\" width=\"16\" height=\"16\" \/><\/span>Mikroskoobi abil uurisime putukate kehaosi &#8211; tiibu, silmi, jalgu.<\/div>\n<\/div>\n<p><a href=\"https:\/\/www.vask.edu.ee\/wp\/wp-content\/uploads\/2025\/11\/2kllooma.jpg\"><img loading=\"lazy\" class=\"aligncenter\" src=\"https:\/\/www.vask.edu.ee\/wp\/wp-content\/uploads\/2025\/11\/2kllooma-602x800.jpg\" alt=\"\" width=\"420\" height=\"558\" \/><\/a><\/p>\n<p>&nbsp;<\/p>\n<p>&nbsp;<\/p>\n<p><strong>9. septembril toimus 4. klassi \u00f5ppek\u00e4ik Valgej\u00e4rve matkarajale.<\/strong><\/p>\n<p><a href=\"https:\/\/www.vask.edu.ee\/wp\/wp-content\/uploads\/2025\/11\/4.kl-rabas.jpg\"><img loading=\"lazy\" class=\"aligncenter size-large wp-image-23992\" src=\"https:\/\/www.vask.edu.ee\/wp\/wp-content\/uploads\/2025\/11\/4.kl-rabas-378x800.jpg\" alt=\"\" width=\"378\" height=\"800\" srcset=\"https:\/\/www.vask.edu.ee\/wp\/wp-content\/uploads\/2025\/11\/4.kl-rabas-378x800.jpg 378w, https:\/\/www.vask.edu.ee\/wp\/wp-content\/uploads\/2025\/11\/4.kl-rabas-142x300.jpg 142w, https:\/\/www.vask.edu.ee\/wp\/wp-content\/uploads\/2025\/11\/4.kl-rabas-768x1626.jpg 768w, https:\/\/www.vask.edu.ee\/wp\/wp-content\/uploads\/2025\/11\/4.kl-rabas-725x1536.jpg 725w, https:\/\/www.vask.edu.ee\/wp\/wp-content\/uploads\/2025\/11\/4.kl-rabas-967x2048.jpg 967w, https:\/\/www.vask.edu.ee\/wp\/wp-content\/uploads\/2025\/11\/4.kl-rabas-500x1059.jpg 500w, https:\/\/www.vask.edu.ee\/wp\/wp-content\/uploads\/2025\/11\/4.kl-rabas-745x1578.jpg 745w, https:\/\/www.vask.edu.ee\/wp\/wp-content\/uploads\/2025\/11\/4.kl-rabas-1008x2135.jpg 1008w, https:\/\/www.vask.edu.ee\/wp\/wp-content\/uploads\/2025\/11\/4.kl-rabas.jpg 1088w\" sizes=\"(max-width: 378px) 100vw, 378px\" \/><\/a><\/p>\n<p>&nbsp;<\/p>\n<div class=\"xdj266r x14z9mp xat24cr x1lziwak x1vvkbs x126k92a\">\n<div dir=\"auto\"><strong>8. septembril t\u00e4histasime ka meie UNESCO rahvusvahelist kirjaoskuse p\u00e4eva.<\/strong><\/div>\n<\/div>\n<div class=\"x14z9mp xat24cr x1lziwak x1vvkbs xtlvy1s x126k92a\">\n<div dir=\"auto\"><span class=\"html-span xexx8yu xyri2b x18d9i69 x1c1uobl x1hl2dhg x16tdsg8 x1vvkbs x3nfvp2 x1j61x8r x1fcty0u xdj266r xat24cr xm2jcoa x1mpyi22 xxymvpz xlup9mm x1kky2od\"><img loading=\"lazy\" class=\"xz74otr x15mokao x1ga7v0g x16uus16 xbiv7yw\" src=\"https:\/\/static.xx.fbcdn.net\/images\/emoji.php\/v9\/t9e\/1\/16\/1f4d6.png\" alt=\"\ud83d\udcd6\" width=\"16\" height=\"16\" \/><\/span>Selle p\u00e4eva t\u00e4histamist alustati 2019. aastal Lugemistunni kampaaniaga Soomes, kust see levis kiiresti ka teistesse maadesse.<\/div>\n<\/div>\n<div class=\"x14z9mp xat24cr x1lziwak x1vvkbs xtlvy1s x126k92a\">\n<div dir=\"auto\"><span class=\"html-span xexx8yu xyri2b x18d9i69 x1c1uobl x1hl2dhg x16tdsg8 x1vvkbs x3nfvp2 x1j61x8r x1fcty0u xdj266r xat24cr xm2jcoa x1mpyi22 xxymvpz xlup9mm x1kky2od\"><img loading=\"lazy\" class=\"xz74otr x15mokao x1ga7v0g x16uus16 xbiv7yw\" src=\"https:\/\/static.xx.fbcdn.net\/images\/emoji.php\/v9\/t49\/1\/16\/1f4da.png\" alt=\"\ud83d\udcda\" width=\"16\" height=\"16\" \/><\/span>Eestis toimus Lugemistund t\u00e4navu viiendat korda.<\/div>\n<\/div>\n<p><span data-olk-copy-source=\"MessageBody\"><a href=\"https:\/\/www.vask.edu.ee\/wp\/wp-content\/uploads\/2025\/11\/lugemispaev.jpg\"><img loading=\"lazy\" class=\"aligncenter size-large wp-image-23989\" src=\"https:\/\/www.vask.edu.ee\/wp\/wp-content\/uploads\/2025\/11\/lugemispaev-600x800.jpg\" alt=\"\" width=\"600\" height=\"800\" srcset=\"https:\/\/www.vask.edu.ee\/wp\/wp-content\/uploads\/2025\/11\/lugemispaev-225x300.jpg 225w, https:\/\/www.vask.edu.ee\/wp\/wp-content\/uploads\/2025\/11\/lugemispaev-768x1024.jpg 768w, https:\/\/www.vask.edu.ee\/wp\/wp-content\/uploads\/2025\/11\/lugemispaev-500x667.jpg 500w, https:\/\/www.vask.edu.ee\/wp\/wp-content\/uploads\/2025\/11\/lugemispaev-745x993.jpg 745w, https:\/\/www.vask.edu.ee\/wp\/wp-content\/uploads\/2025\/11\/lugemispaev-1008x1344.jpg 1008w, https:\/\/www.vask.edu.ee\/wp\/wp-content\/uploads\/2025\/11\/lugemispaev.jpg 1152w\" sizes=\"(max-width: 600px) 100vw, 600px\" \/><\/a><\/span><\/p>\n<p>&nbsp;<\/p>\n<p>&nbsp;<\/p>\n<p><span style=\"color: #339966\"><strong>1. septembril alustas \u00f5petaja Merit Visnapuu k\u00e4e all kooliteed 14 uut s\u00e4rasilmset \u00f5pilast.<\/strong><\/span><\/p>\n<p><a href=\"https:\/\/www.vask.edu.ee\/wp\/wp-content\/uploads\/2025\/09\/meriti-1.klass_.jpg\"><img loading=\"lazy\" class=\"aligncenter size-large wp-image-23929\" src=\"https:\/\/www.vask.edu.ee\/wp\/wp-content\/uploads\/2025\/09\/meriti-1.klass_-602x800.jpg\" alt=\"\" width=\"602\" height=\"800\" srcset=\"https:\/\/www.vask.edu.ee\/wp\/wp-content\/uploads\/2025\/09\/meriti-1.klass_-602x800.jpg 602w, https:\/\/www.vask.edu.ee\/wp\/wp-content\/uploads\/2025\/09\/meriti-1.klass_-226x300.jpg 226w, https:\/\/www.vask.edu.ee\/wp\/wp-content\/uploads\/2025\/09\/meriti-1.klass_-768x1021.jpg 768w, https:\/\/www.vask.edu.ee\/wp\/wp-content\/uploads\/2025\/09\/meriti-1.klass_-1156x1536.jpg 1156w, https:\/\/www.vask.edu.ee\/wp\/wp-content\/uploads\/2025\/09\/meriti-1.klass_-500x665.jpg 500w, https:\/\/www.vask.edu.ee\/wp\/wp-content\/uploads\/2025\/09\/meriti-1.klass_-1170x1555.jpg 1170w, https:\/\/www.vask.edu.ee\/wp\/wp-content\/uploads\/2025\/09\/meriti-1.klass_-745x990.jpg 745w, https:\/\/www.vask.edu.ee\/wp\/wp-content\/uploads\/2025\/09\/meriti-1.klass_-1008x1340.jpg 1008w, https:\/\/www.vask.edu.ee\/wp\/wp-content\/uploads\/2025\/09\/meriti-1.klass_.jpg 1440w\" sizes=\"(max-width: 602px) 100vw, 602px\" \/><\/a><\/p>\n<h1><strong>12. juunil l\u00f5petas meie kooli 63. lend.\u00a0<\/strong><\/h1>\n<p>Tuult tiibadesse ja k\u00f5rget lendu teile!<\/p>\n<p><a href=\"https:\/\/www.vask.edu.ee\/wp\/63lend-5\" rel=\"attachment wp-att-23835\"><img loading=\"lazy\" class=\"aligncenter size-large wp-image-23835\" src=\"https:\/\/www.vask.edu.ee\/wp\/wp-content\/uploads\/2025\/06\/63lend-602x800.png\" alt=\"\" width=\"602\" height=\"800\" srcset=\"https:\/\/www.vask.edu.ee\/wp\/wp-content\/uploads\/2025\/06\/63lend-602x800.png 602w, https:\/\/www.vask.edu.ee\/wp\/wp-content\/uploads\/2025\/06\/63lend-226x300.png 226w, https:\/\/www.vask.edu.ee\/wp\/wp-content\/uploads\/2025\/06\/63lend-768x1021.png 768w, https:\/\/www.vask.edu.ee\/wp\/wp-content\/uploads\/2025\/06\/63lend-1156x1536.png 1156w, https:\/\/www.vask.edu.ee\/wp\/wp-content\/uploads\/2025\/06\/63lend-500x665.png 500w, https:\/\/www.vask.edu.ee\/wp\/wp-content\/uploads\/2025\/06\/63lend-1170x1555.png 1170w, https:\/\/www.vask.edu.ee\/wp\/wp-content\/uploads\/2025\/06\/63lend-745x990.png 745w, https:\/\/www.vask.edu.ee\/wp\/wp-content\/uploads\/2025\/06\/63lend-1008x1340.png 1008w, https:\/\/www.vask.edu.ee\/wp\/wp-content\/uploads\/2025\/06\/63lend.png 1440w\" sizes=\"(max-width: 602px) 100vw, 602px\" \/><\/a><a style=\"text-align: right\" href=\"https:\/\/www.vask.edu.ee\/wp\/63lendop-3\" rel=\"attachment wp-att-23832\"><img loading=\"lazy\" class=\"aligncenter size-large wp-image-23832\" src=\"https:\/\/www.vask.edu.ee\/wp\/wp-content\/uploads\/2025\/06\/63lendop-2-602x800.jpg\" alt=\"\" width=\"602\" height=\"800\" srcset=\"https:\/\/www.vask.edu.ee\/wp\/wp-content\/uploads\/2025\/06\/63lendop-2-602x800.jpg 602w, https:\/\/www.vask.edu.ee\/wp\/wp-content\/uploads\/2025\/06\/63lendop-2-226x300.jpg 226w, https:\/\/www.vask.edu.ee\/wp\/wp-content\/uploads\/2025\/06\/63lendop-2-768x1021.jpg 768w, https:\/\/www.vask.edu.ee\/wp\/wp-content\/uploads\/2025\/06\/63lendop-2-1156x1536.jpg 1156w, https:\/\/www.vask.edu.ee\/wp\/wp-content\/uploads\/2025\/06\/63lendop-2-500x665.jpg 500w, https:\/\/www.vask.edu.ee\/wp\/wp-content\/uploads\/2025\/06\/63lendop-2-1170x1555.jpg 1170w, https:\/\/www.vask.edu.ee\/wp\/wp-content\/uploads\/2025\/06\/63lendop-2-745x990.jpg 745w, https:\/\/www.vask.edu.ee\/wp\/wp-content\/uploads\/2025\/06\/63lendop-2-1008x1340.jpg 1008w, https:\/\/www.vask.edu.ee\/wp\/wp-content\/uploads\/2025\/06\/63lendop-2.jpg 1440w\" sizes=\"(max-width: 602px) 100vw, 602px\" \/><\/a><\/p>\n<h1>II trimestri l\u00f5petamine<\/h1>\n<p>Teine \u00f5ppeperiood sai l\u00e4bi emakeelep\u00e4eval, 14. m\u00e4rtsil. Seega langes kokku kaks v\u00e4ga head p\u00f5hjust t\u00e4histada p\u00e4eva piduliku aktusega. Aktuse esimeses pooles pidas 9. klassi \u00f5pilane Delisa k\u00f5ne emakeelep\u00e4eva t\u00e4hendusest, 4.-6. klassi \u00f5pilased esitlesid omaloomingut, mis oli kokku pandud J.Oro luulest ning 7.-9. klassi \u00f5pilased akrostihhoneid ehk luuletusi, mille v\u00e4rsside esimesed t\u00e4hed andsid kokku emakeelep\u00e4evaga seotud s\u00f5na. Esinesid ka muusikakooli ning 3. klassi valikkoori \u00f5pilased.<\/p>\n<p>Seej\u00e4rel tunnustati kooli parimaid \u00f5pilasi kiituskaartidega kooli esindamise eest aineol\u00fcmpiaadidel ning hea ja v\u00e4ga hea \u00f5ppimise eest.<\/p>\n<p><a href=\"https:\/\/www.vask.edu.ee\/wp\/tere\/516d43dc-b7e6-40ff-9de9-0278d2f33dc6\" rel=\"attachment wp-att-23699\"><img loading=\"lazy\" class=\"aligncenter size-large wp-image-23699\" src=\"https:\/\/www.vask.edu.ee\/wp\/wp-content\/uploads\/2025\/03\/516d43dc-b7e6-40ff-9de9-0278d2f33dc6-600x800.jpeg\" alt=\"\" width=\"600\" height=\"800\" srcset=\"https:\/\/www.vask.edu.ee\/wp\/wp-content\/uploads\/2025\/03\/516d43dc-b7e6-40ff-9de9-0278d2f33dc6-225x300.jpeg 225w, https:\/\/www.vask.edu.ee\/wp\/wp-content\/uploads\/2025\/03\/516d43dc-b7e6-40ff-9de9-0278d2f33dc6-768x1024.jpeg 768w, https:\/\/www.vask.edu.ee\/wp\/wp-content\/uploads\/2025\/03\/516d43dc-b7e6-40ff-9de9-0278d2f33dc6-1152x1536.jpeg 1152w, https:\/\/www.vask.edu.ee\/wp\/wp-content\/uploads\/2025\/03\/516d43dc-b7e6-40ff-9de9-0278d2f33dc6-500x667.jpeg 500w, https:\/\/www.vask.edu.ee\/wp\/wp-content\/uploads\/2025\/03\/516d43dc-b7e6-40ff-9de9-0278d2f33dc6-1170x1560.jpeg 1170w, https:\/\/www.vask.edu.ee\/wp\/wp-content\/uploads\/2025\/03\/516d43dc-b7e6-40ff-9de9-0278d2f33dc6-745x993.jpeg 745w, https:\/\/www.vask.edu.ee\/wp\/wp-content\/uploads\/2025\/03\/516d43dc-b7e6-40ff-9de9-0278d2f33dc6-1008x1344.jpeg 1008w, https:\/\/www.vask.edu.ee\/wp\/wp-content\/uploads\/2025\/03\/516d43dc-b7e6-40ff-9de9-0278d2f33dc6.jpeg 1536w\" sizes=\"(max-width: 600px) 100vw, 600px\" \/><\/a><\/p>\n<h1><a href=\"https:\/\/www.vask.edu.ee\/wp\/tere\/9fd59067-6e46-473b-9e1c-aad0e737cf79\" rel=\"attachment wp-att-23735\"><img loading=\"lazy\" class=\"aligncenter size-large wp-image-23735\" src=\"https:\/\/www.vask.edu.ee\/wp\/wp-content\/uploads\/2025\/03\/9fd59067-6e46-473b-9e1c-aad0e737cf79-600x800.jpeg\" alt=\"\" width=\"600\" height=\"800\" srcset=\"https:\/\/www.vask.edu.ee\/wp\/wp-content\/uploads\/2025\/03\/9fd59067-6e46-473b-9e1c-aad0e737cf79-225x300.jpeg 225w, https:\/\/www.vask.edu.ee\/wp\/wp-content\/uploads\/2025\/03\/9fd59067-6e46-473b-9e1c-aad0e737cf79-500x667.jpeg 500w, https:\/\/www.vask.edu.ee\/wp\/wp-content\/uploads\/2025\/03\/9fd59067-6e46-473b-9e1c-aad0e737cf79-745x993.jpeg 745w, https:\/\/www.vask.edu.ee\/wp\/wp-content\/uploads\/2025\/03\/9fd59067-6e46-473b-9e1c-aad0e737cf79.jpeg 768w\" sizes=\"(max-width: 600px) 100vw, 600px\" \/><\/a><a href=\"https:\/\/www.vask.edu.ee\/wp\/tere\/b98efa70-bbca-4692-b3d2-8931a474175b\" rel=\"attachment wp-att-23698\"><img loading=\"lazy\" class=\"aligncenter size-large wp-image-23698\" src=\"https:\/\/www.vask.edu.ee\/wp\/wp-content\/uploads\/2025\/03\/b98efa70-bbca-4692-b3d2-8931a474175b-600x800.jpeg\" alt=\"\" width=\"600\" height=\"800\" srcset=\"https:\/\/www.vask.edu.ee\/wp\/wp-content\/uploads\/2025\/03\/b98efa70-bbca-4692-b3d2-8931a474175b-225x300.jpeg 225w, https:\/\/www.vask.edu.ee\/wp\/wp-content\/uploads\/2025\/03\/b98efa70-bbca-4692-b3d2-8931a474175b-768x1024.jpeg 768w, https:\/\/www.vask.edu.ee\/wp\/wp-content\/uploads\/2025\/03\/b98efa70-bbca-4692-b3d2-8931a474175b-1152x1536.jpeg 1152w, https:\/\/www.vask.edu.ee\/wp\/wp-content\/uploads\/2025\/03\/b98efa70-bbca-4692-b3d2-8931a474175b-500x667.jpeg 500w, https:\/\/www.vask.edu.ee\/wp\/wp-content\/uploads\/2025\/03\/b98efa70-bbca-4692-b3d2-8931a474175b-1170x1560.jpeg 1170w, https:\/\/www.vask.edu.ee\/wp\/wp-content\/uploads\/2025\/03\/b98efa70-bbca-4692-b3d2-8931a474175b-745x993.jpeg 745w, https:\/\/www.vask.edu.ee\/wp\/wp-content\/uploads\/2025\/03\/b98efa70-bbca-4692-b3d2-8931a474175b-1008x1344.jpeg 1008w, https:\/\/www.vask.edu.ee\/wp\/wp-content\/uploads\/2025\/03\/b98efa70-bbca-4692-b3d2-8931a474175b.jpeg 1536w\" sizes=\"(max-width: 600px) 100vw, 600px\" \/><\/a><\/h1>\n<p>&nbsp;<\/p>\n<h1>I trimestri l\u00f5petamine<\/h1>\n<p>Reedel, 29. novembril kogunes koolipere saali, et pidulikult t\u00e4histada I trimestri l\u00f5petamist ning anda \u00fcle kooli kiituskaardid parimatele \u00f5ppuritele. Kuigi esimese klassi \u00f5pilased veel numbrilisi hindeid ei saa, said nad kiituskaardid selle eest, et nii tublisti kooliellu sisse elanud on.<\/p>\n<p><a href=\"https:\/\/www.vask.edu.ee\/wp\/tere\/whatsappi-pilt-2024-11-29-kell-12-14-38_8fe0a24e\" rel=\"attachment wp-att-23399\"><img loading=\"lazy\" class=\"aligncenter size-large wp-image-23399\" src=\"https:\/\/www.vask.edu.ee\/wp\/wp-content\/uploads\/2024\/11\/WhatsAppi-pilt-2024-11-29-kell-12.14.38_8fe0a24e-600x800.jpg\" alt=\"\" width=\"600\" height=\"800\" srcset=\"https:\/\/www.vask.edu.ee\/wp\/wp-content\/uploads\/2024\/11\/WhatsAppi-pilt-2024-11-29-kell-12.14.38_8fe0a24e-225x300.jpg 225w, https:\/\/www.vask.edu.ee\/wp\/wp-content\/uploads\/2024\/11\/WhatsAppi-pilt-2024-11-29-kell-12.14.38_8fe0a24e-768x1024.jpg 768w, https:\/\/www.vask.edu.ee\/wp\/wp-content\/uploads\/2024\/11\/WhatsAppi-pilt-2024-11-29-kell-12.14.38_8fe0a24e-1152x1536.jpg 1152w, https:\/\/www.vask.edu.ee\/wp\/wp-content\/uploads\/2024\/11\/WhatsAppi-pilt-2024-11-29-kell-12.14.38_8fe0a24e-500x667.jpg 500w, https:\/\/www.vask.edu.ee\/wp\/wp-content\/uploads\/2024\/11\/WhatsAppi-pilt-2024-11-29-kell-12.14.38_8fe0a24e-1170x1560.jpg 1170w, https:\/\/www.vask.edu.ee\/wp\/wp-content\/uploads\/2024\/11\/WhatsAppi-pilt-2024-11-29-kell-12.14.38_8fe0a24e-745x993.jpg 745w, https:\/\/www.vask.edu.ee\/wp\/wp-content\/uploads\/2024\/11\/WhatsAppi-pilt-2024-11-29-kell-12.14.38_8fe0a24e-1008x1344.jpg 1008w, https:\/\/www.vask.edu.ee\/wp\/wp-content\/uploads\/2024\/11\/WhatsAppi-pilt-2024-11-29-kell-12.14.38_8fe0a24e.jpg 1200w\" sizes=\"(max-width: 600px) 100vw, 600px\" \/><\/a><\/p>\n<p>J\u00e4rgmisena anti kiituskaardid \u00fcle ainult viitele \u00f5ppijatele.<\/p>\n<p><a href=\"https:\/\/www.vask.edu.ee\/wp\/tere\/whatsappi-pilt-2024-11-29-kell-12-14-32_2b1a722e\" rel=\"attachment wp-att-23400\"><img loading=\"lazy\" class=\"aligncenter size-large wp-image-23400\" src=\"https:\/\/www.vask.edu.ee\/wp\/wp-content\/uploads\/2024\/11\/WhatsAppi-pilt-2024-11-29-kell-12.14.32_2b1a722e-600x800.jpg\" alt=\"\" width=\"600\" height=\"800\" srcset=\"https:\/\/www.vask.edu.ee\/wp\/wp-content\/uploads\/2024\/11\/WhatsAppi-pilt-2024-11-29-kell-12.14.32_2b1a722e-225x300.jpg 225w, https:\/\/www.vask.edu.ee\/wp\/wp-content\/uploads\/2024\/11\/WhatsAppi-pilt-2024-11-29-kell-12.14.32_2b1a722e-768x1024.jpg 768w, https:\/\/www.vask.edu.ee\/wp\/wp-content\/uploads\/2024\/11\/WhatsAppi-pilt-2024-11-29-kell-12.14.32_2b1a722e-1152x1536.jpg 1152w, https:\/\/www.vask.edu.ee\/wp\/wp-content\/uploads\/2024\/11\/WhatsAppi-pilt-2024-11-29-kell-12.14.32_2b1a722e-500x667.jpg 500w, https:\/\/www.vask.edu.ee\/wp\/wp-content\/uploads\/2024\/11\/WhatsAppi-pilt-2024-11-29-kell-12.14.32_2b1a722e-1170x1560.jpg 1170w, https:\/\/www.vask.edu.ee\/wp\/wp-content\/uploads\/2024\/11\/WhatsAppi-pilt-2024-11-29-kell-12.14.32_2b1a722e-745x993.jpg 745w, https:\/\/www.vask.edu.ee\/wp\/wp-content\/uploads\/2024\/11\/WhatsAppi-pilt-2024-11-29-kell-12.14.32_2b1a722e-1008x1344.jpg 1008w, https:\/\/www.vask.edu.ee\/wp\/wp-content\/uploads\/2024\/11\/WhatsAppi-pilt-2024-11-29-kell-12.14.32_2b1a722e.jpg 1200w\" sizes=\"(max-width: 600px) 100vw, 600px\" \/><\/a><\/p>\n<p>Ning siis tunnustati neid, kellel vaid neljad-viied on.<\/p>\n<p><a href=\"https:\/\/www.vask.edu.ee\/wp\/tere\/whatsappi-pilt-2024-11-29-kell-12-14-25_317a518e-2\" rel=\"attachment wp-att-23401\"><img loading=\"lazy\" class=\"aligncenter size-large wp-image-23401\" src=\"https:\/\/www.vask.edu.ee\/wp\/wp-content\/uploads\/2024\/11\/WhatsAppi-pilt-2024-11-29-kell-12.14.25_317a518e-1-600x800.jpg\" alt=\"\" width=\"600\" height=\"800\" srcset=\"https:\/\/www.vask.edu.ee\/wp\/wp-content\/uploads\/2024\/11\/WhatsAppi-pilt-2024-11-29-kell-12.14.25_317a518e-1-225x300.jpg 225w, https:\/\/www.vask.edu.ee\/wp\/wp-content\/uploads\/2024\/11\/WhatsAppi-pilt-2024-11-29-kell-12.14.25_317a518e-1-768x1024.jpg 768w, https:\/\/www.vask.edu.ee\/wp\/wp-content\/uploads\/2024\/11\/WhatsAppi-pilt-2024-11-29-kell-12.14.25_317a518e-1-1152x1536.jpg 1152w, https:\/\/www.vask.edu.ee\/wp\/wp-content\/uploads\/2024\/11\/WhatsAppi-pilt-2024-11-29-kell-12.14.25_317a518e-1-500x667.jpg 500w, https:\/\/www.vask.edu.ee\/wp\/wp-content\/uploads\/2024\/11\/WhatsAppi-pilt-2024-11-29-kell-12.14.25_317a518e-1-1170x1560.jpg 1170w, https:\/\/www.vask.edu.ee\/wp\/wp-content\/uploads\/2024\/11\/WhatsAppi-pilt-2024-11-29-kell-12.14.25_317a518e-1-745x993.jpg 745w, https:\/\/www.vask.edu.ee\/wp\/wp-content\/uploads\/2024\/11\/WhatsAppi-pilt-2024-11-29-kell-12.14.25_317a518e-1-1008x1344.jpg 1008w, https:\/\/www.vask.edu.ee\/wp\/wp-content\/uploads\/2024\/11\/WhatsAppi-pilt-2024-11-29-kell-12.14.25_317a518e-1.jpg 1200w\" sizes=\"(max-width: 600px) 100vw, 600px\" \/><\/a><\/p>\n<p>Soovime k\u00f5igile oma kooli \u00f5pilastele j\u00f5udu, jaksu ning \u00f5nnestumisi ka j\u00e4rgmisel trimestril. \ud83d\ude42<\/p>\n<p>&nbsp;<\/p>\n<p>&nbsp;<\/p>\n<p>&nbsp;<\/p>\n<p>&nbsp;<\/p>\n<p>[\/vc_column_text][\/vc_column][vc_column width=&#8221;1\/4&#8243; css=&#8221;.vc_custom_1490544280602{margin-right: 0px !important;border-right-width: 0px !important;border-left-width: 3px !important;padding-right: 0px !important;border-left-color: rgba(224,224,224,0.16) !important;border-left-style: solid !important;border-right-color: rgba(224,224,224,0.16) !important;border-right-style: solid !important;}&#8221;][vc_column_text]<\/p>\n<p>&nbsp;<\/p>\n<h2>Uudised<\/h2>\n<p>[\/vc_column_text][vc_basic_grid post_type=&#8221;post&#8221; max_items=&#8221;7&#8243; element_width=&#8221;12&#8243; gap=&#8221;2&#8243; item=&#8221;13104&#8243; grid_id=&#8221;vc_gid:1491826218109-9e40dade378cb67953fe83409c8e083c-0&#8243; taxonomies=&#8221;3&#8243; el_class=&#8221;esilehe_uudised&#8221;][\/vc_column][vc_column width=&#8221;1\/4&#8243; css=&#8221;.vc_custom_1490542597916{padding-top: 35px !important;}&#8221;][vc_widget_sidebar sidebar_id=&#8221;uxbarn-page-sidebar&#8221;][\/vc_column][\/vc_row]<\/p>\n","protected":false},"excerpt":{"rendered":"<p>J\u00e4lgi meie tegemisi Facebookis v\u00f5i Instagramis.<br \/>\nM\u00f5isa k\u00fclastamise soovi korral v\u00f5tke \u00fchendust romek.sirila@vask.edu.ee<br \/>\nVasalemma P\u00f5hikooli roheblogi\u00a0<br \/>\n[vc_row][vc_column width=&#8221;2\/4&#8243; css=&#8221;.vc_custom_1490543949542{pa<br \/>\ndding-top: 35px !important;padding-right: 20px !important;}&#8221;][vc_column_text]<br \/>\nMEIE KOOLIST<br \/>\n131 \u00f5pilasega Vasalemma P\u00f5hikool tegutseb 1893. a valminud uusgooti stiilis Vasalemma m\u00f5isahoones ja 2014. a valminud \u00f5ppe-spordihoones. Kooli kasutuses on raamatukogu, staadion ja 8 ha suurune m\u00f5isapark. Kool pakub haridus- ja kultuurimaastiku avastamist \u00fcmberkaudsete asulate [&#8230;]<\/p>\n","protected":false},"author":2,"featured_media":0,"parent":0,"menu_order":0,"comment_status":"closed","ping_status":"closed","template":"","meta":{"ngg_post_thumbnail":0},"_links":{"self":[{"href":"https:\/\/www.vask.edu.ee\/wp\/wp-json\/wp\/v2\/pages\/165"}],"collection":[{"href":"https:\/\/www.vask.edu.ee\/wp\/wp-json\/wp\/v2\/pages"}],"about":[{"href":"https:\/\/www.vask.edu.ee\/wp\/wp-json\/wp\/v2\/types\/page"}],"author":[{"embeddable":true,"href":"https:\/\/www.vask.edu.ee\/wp\/wp-json\/wp\/v2\/users\/2"}],"replies":[{"embeddable":true,"href":"https:\/\/www.vask.edu.ee\/wp\/wp-json\/wp\/v2\/comments?post=165"}],"version-history":[{"count":292,"href":"https:\/\/www.vask.edu.ee\/wp\/wp-json\/wp\/v2\/pages\/165\/revisions"}],"predecessor-version":[{"id":24266,"href":"https:\/\/www.vask.edu.ee\/wp\/wp-json\/wp\/v2\/pages\/165\/revisions\/24266"}],"wp:attachment":[{"href":"https:\/\/www.vask.edu.ee\/wp\/wp-json\/wp\/v2\/media?parent=165"}],"curies":[{"name":"wp","href":"https:\/\/api.w.org\/{rel}","templated":true}]}}